{"id":15,"date":"2022-08-04T13:28:21","date_gmt":"2022-08-04T13:28:21","guid":{"rendered":"http:\/\/projet-brooklyn.local\/?page_id=15"},"modified":"2026-02-20T15:54:29","modified_gmt":"2026-02-20T15:54:29","slug":"location-bonnevoie","status":"publish","type":"page","link":"https:\/\/brooklyn.lu\/en\/localisation-bonnevoie\/","title":{"rendered":"The New Bonnevoie"},"content":{"rendered":"<p>[et_pb_section fb_built=\u00a0\u00bb1&Prime; _builder_version=\u00a0\u00bb4.27.4&Prime; _module_preset=\u00a0\u00bbdefault\u00a0\u00bb background_enable_color=\u00a0\u00bboff\u00a0\u00bb use_background_color_gradient=\u00a0\u00bbon\u00a0\u00bb background_color_gradient_direction=\u00a0\u00bb90deg\u00a0\u00bb background_color_gradient_stops=\u00a0\u00bb#0f0f0f 0%|#ffffff 31%\u00a0\u00bb background_image=\u00a0\u00bbhttps:\/\/brooklyn.lu\/wp-content\/uploads\/2025\/11\/Perspective-exterieure_maj_lot-2.jpg\u00a0\u00bb background_blend=\u00a0\u00bbmultiply\u00a0\u00bb custom_padding=\u00a0\u00bb7%||7%||true|false\u00a0\u00bb background_last_edited=\u00a0\u00bbon|desktop\u00a0\u00bb use_background_color_gradient_tablet=\u00a0\u00bbon\u00a0\u00bb use_background_color_gradient_phone=\u00a0\u00bbon\u00a0\u00bb background_color_gradient_stops_tablet=\u00a0\u00bb#0f0f0f 0%|#ffffff 69%\u00a0\u00bb background_color_gradient_stops_phone=\u00a0\u00bb#0f0f0f 0%|#ffffff 82%\u00a0\u00bb border_radii=\u00a0\u00bboff|||146px|\u00a0\u00bb border_radii_tablet=\u00a0\u00bb\u00a0\u00bb border_radii_phone=\u00a0\u00bboff|||50px|\u00a0\u00bb border_radii_last_edited=\u00a0\u00bbon|phone\u00a0\u00bb global_colors_info=\u00a0\u00bb{}\u00a0\u00bb][et_pb_row _builder_version=\u00a0\u00bb4.17.6&Prime; _module_preset=\u00a0\u00bbdefault\u00a0\u00bb width=\u00a0\u00bb90%\u00a0\u00bb max_width=\u00a0\u00bb90%\u00a0\u00bb global_colors_info=\u00a0\u00bb{}\u00a0\u00bb][et_pb_column type=\u00a0\u00bb4_4&Prime; _builder_version=\u00a0\u00bb4.17.6&Prime; _module_preset=\u00a0\u00bbdefault\u00a0\u00bb global_colors_info=\u00a0\u00bb{}\u00a0\u00bb][et_pb_text _builder_version=\u00a0\u00bb4.18.0&Prime; _module_preset=\u00a0\u00bbdefault\u00a0\u00bb header_font=\u00a0\u00bbParabole|||on|||||\u00a0\u00bb header_text_align=\u00a0\u00bbleft\u00a0\u00bb header_text_color=\u00a0\u00bb#FFFFFF\u00a0\u00bb header_font_size=\u00a0\u00bb71px\u00a0\u00bb header_letter_spacing=\u00a0\u00bb4px\u00a0\u00bb header_line_height=\u00a0\u00bb1.3em\u00a0\u00bb custom_margin=\u00a0\u00bb16%||||false|false\u00a0\u00bb custom_margin_tablet=\u00a0\u00bb\u00a0\u00bb custom_margin_phone=\u00a0\u00bb\u00a0\u00bb custom_margin_last_edited=\u00a0\u00bbon|desktop\u00a0\u00bb custom_padding=\u00a0\u00bb0px||||false|false\u00a0\u00bb custom_padding_tablet=\u00a0\u00bb\u00a0\u00bb custom_padding_phone=\u00a0\u00bb\u00a0\u00bb custom_padding_last_edited=\u00a0\u00bbon|desktop\u00a0\u00bb header_font_size_tablet=\u00a0\u00bb66px\u00a0\u00bb header_font_size_phone=\u00a0\u00bb35px\u00a0\u00bb header_font_size_last_edited=\u00a0\u00bbon|desktop\u00a0\u00bb global_colors_info=\u00a0\u00bb{}\u00a0\u00bb]<\/p>\n<h1>Faire le choix du nouveau bonnevoie<\/h1>\n<p>[\/et_pb_text][\/et_pb_column][\/et_pb_row][\/et_pb_section][et_pb_section fb_built=\u00a0\u00bb1&Prime; custom_padding_last_edited=\u00a0\u00bbon|phone\u00a0\u00bb _builder_version=\u00a0\u00bb4.18.0&Prime; _module_preset=\u00a0\u00bbdefault\u00a0\u00bb custom_padding=\u00a0\u00bb3%||3%||true|false\u00a0\u00bb custom_padding_tablet=\u00a0\u00bb6%||6%||true|false\u00a0\u00bb custom_padding_phone=\u00a0\u00bb6%||6%||true|false\u00a0\u00bb global_colors_info=\u00a0\u00bb{}\u00a0\u00bb][et_pb_row column_structure=\u00a0\u00bb2_5,3_5&Prime; _builder_version=\u00a0\u00bb4.18.0&Prime; _module_preset=\u00a0\u00bbdefault\u00a0\u00bb width=\u00a0\u00bb98%\u00a0\u00bb max_width=\u00a0\u00bb98%\u00a0\u00bb max_width_tablet=\u00a0\u00bb90%\u00a0\u00bb max_width_phone=\u00a0\u00bb90%\u00a0\u00bb max_width_last_edited=\u00a0\u00bbon|tablet\u00a0\u00bb custom_margin=\u00a0\u00bb0px||0px||true|false\u00a0\u00bb custom_padding=\u00a0\u00bb3%||3%||true|false\u00a0\u00bb custom_css_main_element=\u00a0\u00bbdisplay:flex; ||align-items:center;||\u00a0\u00bb global_colors_info=\u00a0\u00bb{}\u00a0\u00bb custom_css_main_element_last_edited=\u00a0\u00bbon|tablet\u00a0\u00bb custom_css_main_element_tablet=\u00a0\u00bb||\u00a0\u00bb custom_css_main_element_phone=\u00a0\u00bb||\u00a0\u00bb][et_pb_column type=\u00a0\u00bb2_5&Prime; _builder_version=\u00a0\u00bb4.17.6&Prime; _module_preset=\u00a0\u00bbdefault\u00a0\u00bb global_colors_info=\u00a0\u00bb{}\u00a0\u00bb][et_pb_text _builder_version=\u00a0\u00bb4.18.0&Prime; _module_preset=\u00a0\u00bbdefault\u00a0\u00bb header_2_font=\u00a0\u00bbParabole|||on|||||\u00a0\u00bb header_2_text_color=\u00a0\u00bb#16DFBB\u00a0\u00bb header_2_font_size=\u00a0\u00bb50px\u00a0\u00bb header_2_line_height=\u00a0\u00bb1.1em\u00a0\u00bb custom_margin_tablet=\u00a0\u00bb0px||||false|false\u00a0\u00bb custom_margin_phone=\u00a0\u00bb0px||||false|false\u00a0\u00bb custom_margin_last_edited=\u00a0\u00bbon|tablet\u00a0\u00bb header_2_font_size_tablet=\u00a0\u00bb48px\u00a0\u00bb header_2_font_size_phone=\u00a0\u00bb36px\u00a0\u00bb header_2_font_size_last_edited=\u00a0\u00bbon|phone\u00a0\u00bb border_width_bottom=\u00a0\u00bb5px\u00a0\u00bb border_color_bottom=\u00a0\u00bb#16DFBB\u00a0\u00bb global_colors_info=\u00a0\u00bb{}\u00a0\u00bb]<\/p>\n<h2>Un nouveau quartier qui joue la proximit\u00e9<\/h2>\n<p>[\/et_pb_text][et_pb_text _builder_version=\u00a0\u00bb4.19.0&Prime; _module_preset=\u00a0\u00bbdefault\u00a0\u00bb text_font=\u00a0\u00bbBenton Sans Regular||||||||\u00a0\u00bb text_text_color=\u00a0\u00bb#000000&Prime; text_font_size=\u00a0\u00bb16px\u00a0\u00bb custom_padding=\u00a0\u00bb0px||0px||true|false\u00a0\u00bb global_colors_info=\u00a0\u00bb{}\u00a0\u00bb]<\/p>\n<div class=\"block-two-columns-content-text\">\n<p>Si vous connaissez la ville de Luxembourg, vous connaissez forc\u00e9ment Bonnevoie, un quartier r\u00e9sidentiel, vivant, cosmopolite, historique, situ\u00e9 derri\u00e8re la gare centrale. Sa proximit\u00e9 imm\u00e9diate avec le centre de Luxembourg, la gare et tous les acc\u00e8s routiers font de Bonnevoie <strong>une localisation strat\u00e9gique<\/strong>, pratique et surtout tr\u00e8s agr\u00e9able.<\/p>\n<p>Brooklyn est le premier jalon du <strong>\u00ab\u00a0Nouveau Bonnevoie\u00a0\u00bb<\/strong>, un quartier tr\u00e8s prometteur compos\u00e9 de r\u00e9sidences, de bureaux, de commerces et de locaux professionnels pour une belle harmonie de quartier.<\/p>\n<p><strong>TOUT CE QUI COMPTE \u00c0\u00a0 MOINS DE QUINZE MINUTES<\/strong><\/p>\n<p>Brooklyn met en application le concept de \u00ab ville du quart d\u2019heure \u00bb de Carlos Moreno, pour que chaque r\u00e9sident puisse trouver \u00e0 moins de quinze minutes de chez lui tout ce qui est n\u00e9cessaire \u00e0 son \u00e9panouissement : travailler, se divertir, faire ses courses, aller \u00e0 l\u2019\u00e9cole, faire des activit\u00e9s en famille, aller chez le m\u00e9decin, faire du sport, se promener dans un parc, etc.<\/p>\n<p>Que vous soyez solo, en couple, en famille et quel que soit votre \u00e2ge, le nouveau Bonnevoie vous tend les bras. <strong>Suivez le guide !<\/strong><\/p>\n<\/div>\n<p>[\/et_pb_text][et_pb_button button_url=\u00a0\u00bb#acc\u00e8s\u00a0\u00bb button_text=\u00a0\u00bbMontrez-moi les acc\u00e8s\u00a0\u00bb button_alignment=\u00a0\u00bbleft\u00a0\u00bb _builder_version=\u00a0\u00bb4.18.0&Prime; _module_preset=\u00a0\u00bbdefault\u00a0\u00bb custom_button=\u00a0\u00bbon\u00a0\u00bb button_text_size=\u00a0\u00bb19px\u00a0\u00bb button_text_color=\u00a0\u00bb#FFFFFF\u00a0\u00bb button_bg_color=\u00a0\u00bb#16DFBB\u00a0\u00bb button_border_width=\u00a0\u00bb0px\u00a0\u00bb button_border_radius=\u00a0\u00bb7px\u00a0\u00bb button_font=\u00a0\u00bbBenton Sans Regular||||||||\u00a0\u00bb button_on_hover=\u00a0\u00bboff\u00a0\u00bb global_colors_info=\u00a0\u00bb{}\u00a0\u00bb][\/et_pb_button][\/et_pb_column][et_pb_column type=\u00a0\u00bb3_5&Prime; _builder_version=\u00a0\u00bb4.17.6&Prime; _module_preset=\u00a0\u00bbdefault\u00a0\u00bb global_colors_info=\u00a0\u00bb{}\u00a0\u00bb][dsm_image_carousel gallery_ids=\u00a0\u00bb901,7408,7409&Prime; slide_to_show=\u00a0\u00bb1&Prime; pause_on_hover=\u00a0\u00bbon\u00a0\u00bb arrows=\u00a0\u00bboff\u00a0\u00bb dots=\u00a0\u00bboff\u00a0\u00bb _builder_version=\u00a0\u00bb4.19.0&Prime; _module_preset=\u00a0\u00bbdefault\u00a0\u00bb custom_margin=\u00a0\u00bb0px||0px||true|false\u00a0\u00bb custom_padding=\u00a0\u00bb0px||0px||true|false\u00a0\u00bb border_radii=\u00a0\u00bboff|42px|||\u00a0\u00bb global_colors_info=\u00a0\u00bb{}\u00a0\u00bb][\/dsm_image_carousel][\/et_pb_column][\/et_pb_row][et_pb_row column_structure=\u00a0\u00bb3_5,2_5&Prime; module_class=\u00a0\u00bbinverse\u00a0\u00bb _builder_version=\u00a0\u00bb4.19.0&Prime; _module_preset=\u00a0\u00bbdefault\u00a0\u00bb width=\u00a0\u00bb98%\u00a0\u00bb max_width=\u00a0\u00bb98%\u00a0\u00bb max_width_tablet=\u00a0\u00bb90%\u00a0\u00bb max_width_phone=\u00a0\u00bb90%\u00a0\u00bb max_width_last_edited=\u00a0\u00bbon|tablet\u00a0\u00bb custom_margin=\u00a0\u00bb0px||0px||true|false\u00a0\u00bb custom_padding=\u00a0\u00bb3%||6%||false|false\u00a0\u00bb custom_css_main_element=\u00a0\u00bbdisplay:flex;||align-items:center;\u00a0\u00bb global_colors_info=\u00a0\u00bb{}\u00a0\u00bb][et_pb_column type=\u00a0\u00bb3_5&Prime; _builder_version=\u00a0\u00bb4.19.0&Prime; _module_preset=\u00a0\u00bbdefault\u00a0\u00bb global_colors_info=\u00a0\u00bb{}\u00a0\u00bb][dsm_image_carousel gallery_ids=\u00a0\u00bb8381,7404,8361&Prime; slide_to_show=\u00a0\u00bb1&Prime; pause_on_hover=\u00a0\u00bbon\u00a0\u00bb arrows=\u00a0\u00bboff\u00a0\u00bb dots=\u00a0\u00bboff\u00a0\u00bb _builder_version=\u00a0\u00bb4.27.4&Prime; _module_preset=\u00a0\u00bbdefault\u00a0\u00bb custom_margin=\u00a0\u00bb0px||0px||true|false\u00a0\u00bb custom_padding=\u00a0\u00bb0px||0px||true|false\u00a0\u00bb border_radii=\u00a0\u00bboff||42px||\u00a0\u00bb global_colors_info=\u00a0\u00bb{}\u00a0\u00bb][\/dsm_image_carousel][\/et_pb_column][et_pb_column type=\u00a0\u00bb2_5&Prime; _builder_version=\u00a0\u00bb4.17.6&Prime; _module_preset=\u00a0\u00bbdefault\u00a0\u00bb global_colors_info=\u00a0\u00bb{}\u00a0\u00bb][et_pb_text _builder_version=\u00a0\u00bb4.18.0&Prime; _module_preset=\u00a0\u00bbdefault\u00a0\u00bb header_2_font=\u00a0\u00bbParabole|||on|||||\u00a0\u00bb header_2_text_color=\u00a0\u00bb#16DFBB\u00a0\u00bb header_2_font_size=\u00a0\u00bb50px\u00a0\u00bb header_2_line_height=\u00a0\u00bb1.1em\u00a0\u00bb custom_margin_tablet=\u00a0\u00bb0px||||false|false\u00a0\u00bb custom_margin_phone=\u00a0\u00bb0px||||false|false\u00a0\u00bb custom_margin_last_edited=\u00a0\u00bbon|tablet\u00a0\u00bb header_2_font_size_tablet=\u00a0\u00bb48px\u00a0\u00bb header_2_font_size_phone=\u00a0\u00bb36px\u00a0\u00bb header_2_font_size_last_edited=\u00a0\u00bbon|phone\u00a0\u00bb border_width_bottom=\u00a0\u00bb5px\u00a0\u00bb border_color_bottom=\u00a0\u00bb#16DFBB\u00a0\u00bb global_colors_info=\u00a0\u00bb{}\u00a0\u00bb]<\/p>\n<h2>Nouveau quartier convivial au Luxembourg<\/h2>\n<p>[\/et_pb_text][et_pb_text _builder_version=\u00a0\u00bb4.18.0&Prime; _module_preset=\u00a0\u00bbdefault\u00a0\u00bb text_font=\u00a0\u00bbBenton Sans Regular||||||||\u00a0\u00bb text_text_color=\u00a0\u00bb#000000&Prime; text_font_size=\u00a0\u00bb16px\u00a0\u00bb custom_padding=\u00a0\u00bb0px||0px||true|false\u00a0\u00bb global_colors_info=\u00a0\u00bb{}\u00a0\u00bb]<\/p>\n<div class=\"block-two-columns-content-text\">\n<p>Vivre au Luxembourg comporte de nombreux atouts. Encore faut-il faire le choix d\u2019un quartier pratique, accessible et agr\u00e9able. <strong>Le Nouveau Bonnevoie<\/strong> poss\u00e8de d\u00e9j\u00e0 tous ces atouts pour sa facilit\u00e9 d\u2019acc\u00e8s avec les transports en commun, le train ou m\u00eame la voiture.<\/p>\n<p>Un quartier neuf et r\u00e9sidentiel est \u00e9galement synonyme de dynamisme et de progr\u00e8s. Il attire de nouveaux commerces, des professions lib\u00e9rales, mais aussi et surtout des nouveaux citoyens. Brooklyn a cette ambition en se positionnant comme \u00ab\u00a0le Nouveau Bonnevoie\u00a0\u00bb et en ouvrant \u00e0 la vente de tr\u00e8s beaux appartements et studios neufs et personnalisables pens\u00e9s par des bureaux d\u2019\u00e9tudes et <a href=\"\/les-acteurs\">des architectes<\/a> renomm\u00e9s.<\/div>\n<p>[\/et_pb_text][et_pb_button button_url=\u00a0\u00bb@ET-DC@eyJkeW5hbWljIjp0cnVlLCJjb250ZW50IjoicG9zdF9saW5rX3VybF9wYWdlIiwic2V0dGluZ3MiOnsicG9zdF9pZCI6IjIxIn19@\u00a0\u00bb button_text=\u00a0\u00bbLes biens disponibles\u00a0\u00bb button_alignment=\u00a0\u00bbleft\u00a0\u00bb _builder_version=\u00a0\u00bb4.18.0&Prime; _dynamic_attributes=\u00a0\u00bbbutton_url\u00a0\u00bb _module_preset=\u00a0\u00bbdefault\u00a0\u00bb custom_button=\u00a0\u00bbon\u00a0\u00bb button_text_size=\u00a0\u00bb19px\u00a0\u00bb button_text_color=\u00a0\u00bb#FFFFFF\u00a0\u00bb button_bg_color=\u00a0\u00bb#16DFBB\u00a0\u00bb button_border_width=\u00a0\u00bb0px\u00a0\u00bb button_border_radius=\u00a0\u00bb7px\u00a0\u00bb button_font=\u00a0\u00bbBenton Sans Regular||||||||\u00a0\u00bb button_on_hover=\u00a0\u00bboff\u00a0\u00bb custom_margin_tablet=\u00a0\u00bb||4%||false|false\u00a0\u00bb custom_margin_phone=\u00a0\u00bb||8%||false|false\u00a0\u00bb custom_margin_last_edited=\u00a0\u00bbon|phone\u00a0\u00bb custom_padding_tablet=\u00a0\u00bb\u00a0\u00bb custom_padding_phone=\u00a0\u00bb\u00a0\u00bb custom_padding_last_edited=\u00a0\u00bbon|tablet\u00a0\u00bb global_colors_info=\u00a0\u00bb{}\u00a0\u00bb][\/et_pb_button][\/et_pb_column][\/et_pb_row][et_pb_row column_structure=\u00a0\u00bb2_5,3_5&Prime; use_custom_gutter=\u00a0\u00bbon\u00a0\u00bb gutter_width=\u00a0\u00bb1&Prime; _builder_version=\u00a0\u00bb4.18.0&Prime; _module_preset=\u00a0\u00bbdefault\u00a0\u00bb background_color=\u00a0\u00bb#16DFBB\u00a0\u00bb width=\u00a0\u00bb98%\u00a0\u00bb max_width=\u00a0\u00bb98%\u00a0\u00bb max_width_tablet=\u00a0\u00bb90%\u00a0\u00bb max_width_phone=\u00a0\u00bb90%\u00a0\u00bb max_width_last_edited=\u00a0\u00bbon|tablet\u00a0\u00bb custom_margin=\u00a0\u00bb0px||0px||true|false\u00a0\u00bb custom_padding=\u00a0\u00bb0%||0%||true|false\u00a0\u00bb custom_css_main_element=\u00a0\u00bbdisplay:flex;||align-items:center;\u00a0\u00bb global_colors_info=\u00a0\u00bb{}\u00a0\u00bb custom_css_main_element_last_edited=\u00a0\u00bbon|phone\u00a0\u00bb custom_css_main_element_tablet=\u00a0\u00bb||\u00a0\u00bb custom_css_main_element_phone=\u00a0\u00bb||\u00a0\u00bb][et_pb_column type=\u00a0\u00bb2_5&Prime; _builder_version=\u00a0\u00bb4.18.0&Prime; _module_preset=\u00a0\u00bbdefault\u00a0\u00bb background_color=\u00a0\u00bb#16DFBB\u00a0\u00bb global_colors_info=\u00a0\u00bb{}\u00a0\u00bb][et_pb_text content_tablet=\u00a0\u00bb<\/p>\n<h2>Envie de vous projeter dans le quartier ? De localiser le projet Brooklyn ? C\u2019est par ici<\/h2>\n<h2><\/h2>\n<h2><img src=%22https:\/\/brooklyn.lu\/wp-content\/uploads\/2022\/10\/Image1-300x208.png%22 width=%22129%22 height=%2289%22 alt=%22%22 class=%22wp-image-7002 alignnone size-medium%22 style=%22font-size: 16px; float: right;%22 \/><\/h2>\n<\/p>\n<p>\u00a0\u00bb content_phone=\u00a0\u00bb<\/p>\n<h2>Envie de vous projeter dans le quartier ? De localiser le projet Brooklyn ? C\u2019est par ici<\/h2>\n<h2><\/h2>\n<h2><img src=%22https:\/\/brooklyn.lu\/wp-content\/uploads\/2022\/10\/Image1-300x208.png%22 width=%2287%22 height=%2260%22 alt=%22%22 class=%22wp-image-7002 alignnone size-medium%22 style=%22font-size: 16px; float: right;%22 \/><\/h2>\n<\/p>\n<p>\u00a0\u00bb content_last_edited=\u00a0\u00bbon|desktop\u00a0\u00bb _builder_version=\u00a0\u00bb4.18.0&Prime; _module_preset=\u00a0\u00bbdefault\u00a0\u00bb header_2_font=\u00a0\u00bbBenton Sans Regular||||||||\u00a0\u00bb header_2_text_color=\u00a0\u00bb#FFFFFF\u00a0\u00bb header_2_font_size=\u00a0\u00bb34px\u00a0\u00bb header_2_line_height=\u00a0\u00bb1.4em\u00a0\u00bb custom_margin_tablet=\u00a0\u00bb0px||||false|false\u00a0\u00bb custom_margin_phone=\u00a0\u00bb0px||||false|false\u00a0\u00bb custom_margin_last_edited=\u00a0\u00bbon|tablet\u00a0\u00bb custom_padding=\u00a0\u00bb129px|29px|129px|29px|true|true\u00a0\u00bb custom_padding_tablet=\u00a0\u00bb110px||110px||true|true\u00a0\u00bb custom_padding_phone=\u00a0\u00bb22%||22%||true|true\u00a0\u00bb custom_padding_last_edited=\u00a0\u00bbon|tablet\u00a0\u00bb header_2_font_size_tablet=\u00a0\u00bb35px\u00a0\u00bb header_2_font_size_phone=\u00a0\u00bb26px\u00a0\u00bb header_2_font_size_last_edited=\u00a0\u00bbon|tablet\u00a0\u00bb border_width_bottom=\u00a0\u00bb5px\u00a0\u00bb border_color_bottom=\u00a0\u00bb#16DFBB\u00a0\u00bb global_colors_info=\u00a0\u00bb{}\u00a0\u00bb]<\/p>\n<h2>Envie de vous projeter dans le quartier ? De localiser le projet Brooklyn ? C\u2019est par ici<\/h2>\n<h2><\/h2>\n<h2><img loading=\"lazy\" decoding=\"async\" src=\"https:\/\/brooklyn.lu\/wp-content\/uploads\/2022\/10\/Image1-300x208.png\" width=\"129\" height=\"89\" alt=\"\" class=\"wp-image-7002 alignnone size-medium\" style=\"font-size: 16px; float: right;\" srcset=\"https:\/\/brooklyn.lu\/wp-content\/uploads\/2022\/10\/Image1-300x208.png 300w, https:\/\/brooklyn.lu\/wp-content\/uploads\/2022\/10\/Image1-18x12.png 18w, https:\/\/brooklyn.lu\/wp-content\/uploads\/2022\/10\/Image1.png 344w\" sizes=\"(max-width: 129px) 100vw, 129px\" \/><\/h2>\n<p>&nbsp;<\/p>\n<p>[\/et_pb_text][\/et_pb_column][et_pb_column type=\u00a0\u00bb3_5&Prime; _builder_version=\u00a0\u00bb4.17.6&Prime; _module_preset=\u00a0\u00bbdefault\u00a0\u00bb global_colors_info=\u00a0\u00bb{}\u00a0\u00bb][et_pb_image src=\u00a0\u00bbhttps:\/\/brooklyn.lu\/wp-content\/uploads\/2022\/11\/modelisation-du-projet-brooklyn.jpg\u00a0\u00bb alt=\u00a0\u00bbProjet Immobilier en 3D Luxembourg\u00a0\u00bb title_text=\u00a0\u00bbmod\u00e9lisation du projet brooklyn\u00a0\u00bb url_new_window=\u00a0\u00bbon\u00a0\u00bb align_tablet=\u00a0\u00bb\u00a0\u00bb align_phone=\u00a0\u00bb\u00a0\u00bb align_last_edited=\u00a0\u00bbon|desktop\u00a0\u00bb module_id=\u00a0\u00bbnira-preview-popup\u00a0\u00bb _builder_version=\u00a0\u00bb4.19.0&Prime; _module_preset=\u00a0\u00bbdefault\u00a0\u00bb custom_margin=\u00a0\u00bb0px||0px||true|false\u00a0\u00bb custom_padding=\u00a0\u00bb0px||0px||true|false\u00a0\u00bb border_radii=\u00a0\u00bboff||||\u00a0\u00bb global_colors_info=\u00a0\u00bb{}\u00a0\u00bb][\/et_pb_image][\/et_pb_column][\/et_pb_row][et_pb_row custom_padding_last_edited=\u00a0\u00bbon|tablet\u00a0\u00bb _builder_version=\u00a0\u00bb4.18.0&Prime; _module_preset=\u00a0\u00bbdefault\u00a0\u00bb custom_padding=\u00a0\u00bb6%||3%||false|false\u00a0\u00bb custom_padding_tablet=\u00a0\u00bb||0%||false|false\u00a0\u00bb custom_padding_phone=\u00a0\u00bb9%||0%||false|false\u00a0\u00bb global_colors_info=\u00a0\u00bb{}\u00a0\u00bb][et_pb_column type=\u00a0\u00bb4_4&Prime; _builder_version=\u00a0\u00bb4.17.6&Prime; _module_preset=\u00a0\u00bbdefault\u00a0\u00bb global_colors_info=\u00a0\u00bb{}\u00a0\u00bb][et_pb_text _builder_version=\u00a0\u00bb4.18.0&Prime; _module_preset=\u00a0\u00bbdefault\u00a0\u00bb header_font=\u00a0\u00bbParabole||||||||\u00a0\u00bb header_text_align=\u00a0\u00bbcenter\u00a0\u00bb header_font_size=\u00a0\u00bb52px\u00a0\u00bb header_2_font=\u00a0\u00bbParabole||||||||\u00a0\u00bb header_2_text_align=\u00a0\u00bbcenter\u00a0\u00bb header_2_font_size=\u00a0\u00bb41px\u00a0\u00bb module_alignment=\u00a0\u00bbcenter\u00a0\u00bb header_font_size_tablet=\u00a0\u00bb42px\u00a0\u00bb header_font_size_phone=\u00a0\u00bb31px\u00a0\u00bb header_font_size_last_edited=\u00a0\u00bbon|phone\u00a0\u00bb header_2_font_size_tablet=\u00a0\u00bb42px\u00a0\u00bb header_2_font_size_phone=\u00a0\u00bb31px\u00a0\u00bb header_2_font_size_last_edited=\u00a0\u00bbon|phone\u00a0\u00bb locked=\u00a0\u00bboff\u00a0\u00bb global_colors_info=\u00a0\u00bb{}\u00a0\u00bb]<\/p>\n<h2 class=\"has-text-align-center accroche\">D\u00e9couvrez ici un petit film d\u2019animation qui vous permettra de visualiser le projet Brooklyn en mode \u00ab Lifestyle \u00bb<\/h2>\n<p>[\/et_pb_text][\/et_pb_column][\/et_pb_row][et_pb_row custom_padding_last_edited=\u00a0\u00bbon|tablet\u00a0\u00bb _builder_version=\u00a0\u00bb4.18.0&Prime; _module_preset=\u00a0\u00bbdefault\u00a0\u00bb custom_padding=\u00a0\u00bb0px||3%||false|false\u00a0\u00bb custom_padding_tablet=\u00a0\u00bb15%||15%||true|false\u00a0\u00bb custom_padding_phone=\u00a0\u00bb15%||15%||true|false\u00a0\u00bb global_colors_info=\u00a0\u00bb{}\u00a0\u00bb][et_pb_column type=\u00a0\u00bb4_4&Prime; _builder_version=\u00a0\u00bb4.18.0&Prime; _module_preset=\u00a0\u00bbdefault\u00a0\u00bb global_colors_info=\u00a0\u00bb{}\u00a0\u00bb][et_pb_video src=\u00a0\u00bbhttps:\/\/brooklyn.lu\/wp-content\/uploads\/2022\/08\/BROOKLYN-1-1.mp4&Prime; image_src=\u00a0\u00bbhttps:\/\/brooklyn.lu\/wp-content\/uploads\/2022\/11\/image002.jpg\u00a0\u00bb play_icon_color=\u00a0\u00bb#16DFBB\u00a0\u00bb thumbnail_overlay_color=\u00a0\u00bbrgba(0,0,0,0.24)\u00a0\u00bb _builder_version=\u00a0\u00bb4.19.0&Prime; _module_preset=\u00a0\u00bbdefault\u00a0\u00bb global_colors_info=\u00a0\u00bb{}\u00a0\u00bb][\/et_pb_video][\/et_pb_column][\/et_pb_row][et_pb_row custom_padding_last_edited=\u00a0\u00bbon|phone\u00a0\u00bb _builder_version=\u00a0\u00bb4.18.0&Prime; _module_preset=\u00a0\u00bbdefault\u00a0\u00bb custom_padding=\u00a0\u00bb3%||0px||false|false\u00a0\u00bb custom_padding_tablet=\u00a0\u00bb6%||0px||false|false\u00a0\u00bb custom_padding_phone=\u00a0\u00bb6%||0px||false|false\u00a0\u00bb global_colors_info=\u00a0\u00bb{}\u00a0\u00bb][et_pb_column type=\u00a0\u00bb4_4&Prime; _builder_version=\u00a0\u00bb4.18.0&Prime; _module_preset=\u00a0\u00bbdefault\u00a0\u00bb global_colors_info=\u00a0\u00bb{}\u00a0\u00bb][et_pb_text _builder_version=\u00a0\u00bb4.19.0&Prime; _module_preset=\u00a0\u00bbdefault\u00a0\u00bb header_font=\u00a0\u00bbParabole||||||||\u00a0\u00bb header_text_align=\u00a0\u00bbcenter\u00a0\u00bb header_font_size=\u00a0\u00bb42px\u00a0\u00bb header_2_font=\u00a0\u00bbParabole||||||||\u00a0\u00bb header_2_text_align=\u00a0\u00bbcenter\u00a0\u00bb header_2_font_size=\u00a0\u00bb42px\u00a0\u00bb width=\u00a0\u00bb70%\u00a0\u00bb width_tablet=\u00a0\u00bb70%\u00a0\u00bb width_phone=\u00a0\u00bb95%\u00a0\u00bb width_last_edited=\u00a0\u00bbon|tablet\u00a0\u00bb module_alignment=\u00a0\u00bbcenter\u00a0\u00bb header_font_size_tablet=\u00a0\u00bb42px\u00a0\u00bb header_font_size_phone=\u00a0\u00bb25px\u00a0\u00bb header_font_size_last_edited=\u00a0\u00bbon|phone\u00a0\u00bb header_2_font_size_tablet=\u00a0\u00bb42px\u00a0\u00bb header_2_font_size_phone=\u00a0\u00bb31px\u00a0\u00bb header_2_font_size_last_edited=\u00a0\u00bbon|phone\u00a0\u00bb global_colors_info=\u00a0\u00bb{}\u00a0\u00bb]<\/p>\n<h2 class=\"has-text-align-center accroche\">Pourquoi faire le choix de Bonnevoie ?<\/h2>\n<p>[\/et_pb_text][\/et_pb_column][\/et_pb_row][\/et_pb_section][et_pb_section fb_built=\u00a0\u00bb1&Prime; admin_label=\u00a0\u00bbFeatures\u00a0\u00bb _builder_version=\u00a0\u00bb4.18.0&Prime; _module_preset=\u00a0\u00bbdefault\u00a0\u00bb background_enable_color=\u00a0\u00bboff\u00a0\u00bb custom_padding=\u00a0\u00bb3%||3%||true|false\u00a0\u00bb locked=\u00a0\u00bboff\u00a0\u00bb collapsed=\u00a0\u00bbon\u00a0\u00bb global_colors_info=\u00a0\u00bb{}\u00a0\u00bb][et_pb_row column_structure=\u00a0\u00bb1_3,1_3,1_3&Prime; _builder_version=\u00a0\u00bb4.18.0&Prime; _module_preset=\u00a0\u00bbdefault\u00a0\u00bb width=\u00a0\u00bb90%\u00a0\u00bb max_width=\u00a0\u00bb90%\u00a0\u00bb saved_tabs=\u00a0\u00bball\u00a0\u00bb global_colors_info=\u00a0\u00bb{}\u00a0\u00bb][et_pb_column type=\u00a0\u00bb1_3&Prime; _builder_version=\u00a0\u00bb4.17.6&Prime; _module_preset=\u00a0\u00bbdefault\u00a0\u00bb global_colors_info=\u00a0\u00bb{}\u00a0\u00bb][et_pb_image src=\u00a0\u00bbhttps:\/\/brooklyn.lu\/wp-content\/uploads\/2022\/08\/icon_culture.png\u00a0\u00bb title_text=\u00a0\u00bbicon_culture\u00a0\u00bb align=\u00a0\u00bbcenter\u00a0\u00bb _builder_version=\u00a0\u00bb4.18.0&Prime; _module_preset=\u00a0\u00bbdefault\u00a0\u00bb width=\u00a0\u00bb23%\u00a0\u00bb width_tablet=\u00a0\u00bb19%\u00a0\u00bb width_phone=\u00a0\u00bb35%\u00a0\u00bb width_last_edited=\u00a0\u00bbon|phone\u00a0\u00bb custom_margin=\u00a0\u00bb||10px||false|false\u00a0\u00bb global_colors_info=\u00a0\u00bb{}\u00a0\u00bb][\/et_pb_image][et_pb_text _builder_version=\u00a0\u00bb4.18.0&Prime; _module_preset=\u00a0\u00bb4827deed-2a92-4d97-a22f-f01067ae6873&Prime; header_font=\u00a0\u00bb||||||||\u00a0\u00bb header_3_font=\u00a0\u00bbBenton Sans Regular|500||on|||||\u00a0\u00bb header_3_text_color=\u00a0\u00bb#000000&Prime; header_4_font=\u00a0\u00bbBenton Sans Regular|700||on|||||\u00a0\u00bb header_4_text_color=\u00a0\u00bb#000000&Prime; header_4_font_size=\u00a0\u00bb19px\u00a0\u00bb header_4_line_height=\u00a0\u00bb1.4em\u00a0\u00bb text_orientation=\u00a0\u00bbcenter\u00a0\u00bb custom_margin=\u00a0\u00bb||0px||false|false\u00a0\u00bb header_4_font_size_tablet=\u00a0\u00bb16px\u00a0\u00bb header_4_font_size_phone=\u00a0\u00bb14px\u00a0\u00bb header_4_font_size_last_edited=\u00a0\u00bbon|tablet\u00a0\u00bb global_colors_info=\u00a0\u00bb{}\u00a0\u00bb]<\/p>\n<h3>Vie associative et culturelle <\/h3>\n<p>[\/et_pb_text][et_pb_text _builder_version=\u00a0\u00bb4.18.0&Prime; _module_preset=\u00a0\u00bb4c43b4b6-66bf-432d-959a-705bda24a650&Prime; text_font=\u00a0\u00bbBenton Sans Regular||||||||\u00a0\u00bb text_text_color=\u00a0\u00bb#000000&Prime; text_font_size=\u00a0\u00bb16px\u00a0\u00bb custom_padding=\u00a0\u00bb0px||0px||true|false\u00a0\u00bb global_colors_info=\u00a0\u00bb{}\u00a0\u00bb]<span>Les Rotondes sont une v\u00e9ritable institution culturelle. Cet espace culturel est un des joyaux de Luxembourg-Ville en termes de diffusion et de cr\u00e9ation artistique, toutes disciplines confondues. \u00c0 ceci viennent s\u2019ajouter diff\u00e9rents th\u00e9\u00e2tres de qualit\u00e9 et un centre de musique. De nombreuses associations compl\u00e8tent ce paysage culturel vivant et cosmopolite.<\/span>[\/et_pb_text][\/et_pb_column][et_pb_column type=\u00a0\u00bb1_3&Prime; _builder_version=\u00a0\u00bb4.17.6&Prime; _module_preset=\u00a0\u00bbdefault\u00a0\u00bb global_colors_info=\u00a0\u00bb{}\u00a0\u00bb][et_pb_image src=\u00a0\u00bbhttps:\/\/brooklyn.lu\/wp-content\/uploads\/2022\/08\/icon_bar.png\u00a0\u00bb title_text=\u00a0\u00bbicon_bar\u00a0\u00bb align=\u00a0\u00bbcenter\u00a0\u00bb _builder_version=\u00a0\u00bb4.18.0&Prime; _module_preset=\u00a0\u00bbdefault\u00a0\u00bb width=\u00a0\u00bb23%\u00a0\u00bb width_tablet=\u00a0\u00bb19%\u00a0\u00bb width_phone=\u00a0\u00bb35%\u00a0\u00bb width_last_edited=\u00a0\u00bbon|phone\u00a0\u00bb custom_margin=\u00a0\u00bb||10px||false|false\u00a0\u00bb global_colors_info=\u00a0\u00bb{}\u00a0\u00bb][\/et_pb_image][et_pb_text _builder_version=\u00a0\u00bb4.18.0&Prime; _module_preset=\u00a0\u00bb4827deed-2a92-4d97-a22f-f01067ae6873&Prime; header_font=\u00a0\u00bb||||||||\u00a0\u00bb header_3_font=\u00a0\u00bbBenton Sans Regular|||on|||||\u00a0\u00bb header_3_text_color=\u00a0\u00bb#000000&Prime; header_4_font=\u00a0\u00bbBenton Sans Regular|700||on|||||\u00a0\u00bb header_4_text_color=\u00a0\u00bb#000000&Prime; header_4_font_size=\u00a0\u00bb19px\u00a0\u00bb header_4_line_height=\u00a0\u00bb1.4em\u00a0\u00bb text_orientation=\u00a0\u00bbcenter\u00a0\u00bb custom_margin=\u00a0\u00bb||0px||false|false\u00a0\u00bb header_4_font_size_tablet=\u00a0\u00bb16px\u00a0\u00bb header_4_font_size_phone=\u00a0\u00bb14px\u00a0\u00bb header_4_font_size_last_edited=\u00a0\u00bbon|tablet\u00a0\u00bb global_colors_info=\u00a0\u00bb{}\u00a0\u00bb]<\/p>\n<h3>bars et restaurants<\/h3>\n<p>[\/et_pb_text][et_pb_text _builder_version=\u00a0\u00bb4.18.0&Prime; _module_preset=\u00a0\u00bb4c43b4b6-66bf-432d-959a-705bda24a650&Prime; text_font=\u00a0\u00bbBenton Sans Regular||||||||\u00a0\u00bb text_text_color=\u00a0\u00bb#000000&Prime; text_font_size=\u00a0\u00bb16px\u00a0\u00bb custom_padding=\u00a0\u00bb0px||0px||true|false\u00a0\u00bb global_colors_info=\u00a0\u00bb{}\u00a0\u00bb]<\/p>\n<p><span>15 restaurants, 12 bars et caf\u00e9s, traditionnels, branch\u00e9s, originaux viennent enrichir l\u2019offre de sortie et de restauration de Bonnevoie. <\/span><\/p>\n<p>[\/et_pb_text][\/et_pb_column][et_pb_column type=\u00a0\u00bb1_3&Prime; _builder_version=\u00a0\u00bb4.17.6&Prime; _module_preset=\u00a0\u00bbdefault\u00a0\u00bb global_colors_info=\u00a0\u00bb{}\u00a0\u00bb][et_pb_image src=\u00a0\u00bbhttps:\/\/brooklyn.lu\/wp-content\/uploads\/2022\/08\/icon_commerce.png\u00a0\u00bb title_text=\u00a0\u00bbicon_commerce\u00a0\u00bb align=\u00a0\u00bbcenter\u00a0\u00bb _builder_version=\u00a0\u00bb4.18.0&Prime; _module_preset=\u00a0\u00bbdefault\u00a0\u00bb width=\u00a0\u00bb23%\u00a0\u00bb width_tablet=\u00a0\u00bb19%\u00a0\u00bb width_phone=\u00a0\u00bb35%\u00a0\u00bb width_last_edited=\u00a0\u00bbon|phone\u00a0\u00bb custom_margin=\u00a0\u00bb||10px||false|false\u00a0\u00bb global_colors_info=\u00a0\u00bb{}\u00a0\u00bb][\/et_pb_image][et_pb_text _builder_version=\u00a0\u00bb4.18.0&Prime; _module_preset=\u00a0\u00bb4827deed-2a92-4d97-a22f-f01067ae6873&Prime; header_font=\u00a0\u00bb||||||||\u00a0\u00bb header_3_font=\u00a0\u00bbBenton Sans Regular|500||on|||||\u00a0\u00bb header_3_text_color=\u00a0\u00bb#000000&Prime; header_4_font=\u00a0\u00bbBenton Sans Regular|700||on|||||\u00a0\u00bb header_4_text_color=\u00a0\u00bb#000000&Prime; header_4_font_size=\u00a0\u00bb19px\u00a0\u00bb header_4_line_height=\u00a0\u00bb1.4em\u00a0\u00bb text_orientation=\u00a0\u00bbcenter\u00a0\u00bb custom_margin=\u00a0\u00bb||0px||false|false\u00a0\u00bb header_4_font_size_tablet=\u00a0\u00bb16px\u00a0\u00bb header_4_font_size_phone=\u00a0\u00bb14px\u00a0\u00bb header_4_font_size_last_edited=\u00a0\u00bbon|tablet\u00a0\u00bb global_colors_info=\u00a0\u00bb{}\u00a0\u00bb]<\/p>\n<h3>Commerces<\/h3>\n<p>[\/et_pb_text][et_pb_text _builder_version=\u00a0\u00bb4.18.0&Prime; _module_preset=\u00a0\u00bb4c43b4b6-66bf-432d-959a-705bda24a650&Prime; text_font=\u00a0\u00bbBenton Sans Regular||||||||\u00a0\u00bb text_text_color=\u00a0\u00bb#000000&Prime; text_font_size=\u00a0\u00bb16px\u00a0\u00bb custom_padding=\u00a0\u00bb0px||0px||true|false\u00a0\u00bb global_colors_info=\u00a0\u00bb{}\u00a0\u00bb]<\/p>\n<div class=\"col-xs-12 col-sm-4 block-activities-wrapper\">\n<div class=\"block-activities-content\">\n<div class=\"block-activities-title\">\n<p>2 supermarch\u00e9s, 16 commerces de proximit\u00e9, des \u00e9piceries traditionnelles, bio, exotiques et 2 pharmacies cr\u00e9ent \u00e0 Bonnevoie un lien social en se positionnant comme les vigies du quartier.<\/p>\n<\/div>\n<\/div>\n<\/div>\n<div class=\"col-xs-12 col-sm-4 block-activities-wrapper\">\n<div class=\"block-activities-icon\"><\/div>\n<\/div>\n<p>[\/et_pb_text][\/et_pb_column][\/et_pb_row][et_pb_row column_structure=\u00a0\u00bb1_3,1_3,1_3&Prime; _builder_version=\u00a0\u00bb4.18.0&Prime; _module_preset=\u00a0\u00bbdefault\u00a0\u00bb width=\u00a0\u00bb90%\u00a0\u00bb max_width=\u00a0\u00bb90%\u00a0\u00bb custom_padding=\u00a0\u00bb||3%||false|false\u00a0\u00bb saved_tabs=\u00a0\u00bball\u00a0\u00bb global_colors_info=\u00a0\u00bb{}\u00a0\u00bb][et_pb_column type=\u00a0\u00bb1_3&Prime; _builder_version=\u00a0\u00bb4.17.6&Prime; _module_preset=\u00a0\u00bbdefault\u00a0\u00bb global_colors_info=\u00a0\u00bb{}\u00a0\u00bb][et_pb_image src=\u00a0\u00bbhttps:\/\/brooklyn.lu\/wp-content\/uploads\/2022\/08\/icon_school.png\u00a0\u00bb title_text=\u00a0\u00bbicon_school\u00a0\u00bb align=\u00a0\u00bbcenter\u00a0\u00bb _builder_version=\u00a0\u00bb4.18.0&Prime; _module_preset=\u00a0\u00bbdefault\u00a0\u00bb width=\u00a0\u00bb23%\u00a0\u00bb width_tablet=\u00a0\u00bb19%\u00a0\u00bb width_phone=\u00a0\u00bb35%\u00a0\u00bb width_last_edited=\u00a0\u00bbon|phone\u00a0\u00bb custom_margin=\u00a0\u00bb||10px||false|false\u00a0\u00bb global_colors_info=\u00a0\u00bb{}\u00a0\u00bb][\/et_pb_image][et_pb_text _builder_version=\u00a0\u00bb4.18.0&Prime; _module_preset=\u00a0\u00bb4827deed-2a92-4d97-a22f-f01067ae6873&Prime; header_font=\u00a0\u00bb||||||||\u00a0\u00bb header_3_font=\u00a0\u00bbBenton Sans Regular|500||on|||||\u00a0\u00bb header_3_text_color=\u00a0\u00bb#000000&Prime; header_4_font=\u00a0\u00bbBenton Sans Regular|700||on|||||\u00a0\u00bb header_4_text_color=\u00a0\u00bb#000000&Prime; header_4_font_size=\u00a0\u00bb19px\u00a0\u00bb header_4_line_height=\u00a0\u00bb1.4em\u00a0\u00bb text_orientation=\u00a0\u00bbcenter\u00a0\u00bb custom_margin=\u00a0\u00bb||0px||false|false\u00a0\u00bb header_4_font_size_tablet=\u00a0\u00bb16px\u00a0\u00bb header_4_font_size_phone=\u00a0\u00bb14px\u00a0\u00bb header_4_font_size_last_edited=\u00a0\u00bbon|tablet\u00a0\u00bb global_colors_info=\u00a0\u00bb{}\u00a0\u00bb]<\/p>\n<h3>\u00c9coles et cr\u00e8ches<\/h3>\n<p>[\/et_pb_text][et_pb_text _builder_version=\u00a0\u00bb4.18.0&Prime; _module_preset=\u00a0\u00bb4c43b4b6-66bf-432d-959a-705bda24a650&Prime; text_font=\u00a0\u00bbBenton Sans Regular||||||||\u00a0\u00bb text_text_color=\u00a0\u00bb#000000&Prime; text_font_size=\u00a0\u00bb16px\u00a0\u00bb custom_padding=\u00a0\u00bb0px||0px||true|false\u00a0\u00bb global_colors_info=\u00a0\u00bb{}\u00a0\u00bb]<span>Bonnevoie dispose de plusieurs cr\u00e8ches, d\u2019une \u00e9cole fondamentale luxembourgeoise et d\u2019un lyc\u00e9e technique proposant \u00e9galement des cours du soir. <\/span>[\/et_pb_text][\/et_pb_column][et_pb_column type=\u00a0\u00bb1_3&Prime; _builder_version=\u00a0\u00bb4.17.6&Prime; _module_preset=\u00a0\u00bbdefault\u00a0\u00bb global_colors_info=\u00a0\u00bb{}\u00a0\u00bb][et_pb_image src=\u00a0\u00bbhttps:\/\/brooklyn.lu\/wp-content\/uploads\/2022\/10\/transport.png\u00a0\u00bb alt=\u00a0\u00bbtransport au luxembourg\u00a0\u00bb title_text=\u00a0\u00bbtransport\u00a0\u00bb align=\u00a0\u00bbcenter\u00a0\u00bb _builder_version=\u00a0\u00bb4.18.0&Prime; _module_preset=\u00a0\u00bbdefault\u00a0\u00bb width=\u00a0\u00bb23%\u00a0\u00bb width_tablet=\u00a0\u00bb19%\u00a0\u00bb width_phone=\u00a0\u00bb35%\u00a0\u00bb width_last_edited=\u00a0\u00bbon|phone\u00a0\u00bb custom_margin=\u00a0\u00bb||10px||false|false\u00a0\u00bb global_colors_info=\u00a0\u00bb{}\u00a0\u00bb][\/et_pb_image][et_pb_text _builder_version=\u00a0\u00bb4.18.0&Prime; _module_preset=\u00a0\u00bb4827deed-2a92-4d97-a22f-f01067ae6873&Prime; header_font=\u00a0\u00bb||||||||\u00a0\u00bb header_3_font=\u00a0\u00bbBenton Sans Regular|500||on|||||\u00a0\u00bb header_3_text_align=\u00a0\u00bbcenter\u00a0\u00bb header_3_text_color=\u00a0\u00bb#000000&Prime; header_4_font=\u00a0\u00bbBenton Sans Regular|700||on|||||\u00a0\u00bb header_4_text_color=\u00a0\u00bb#000000&Prime; header_4_font_size=\u00a0\u00bb19px\u00a0\u00bb header_4_line_height=\u00a0\u00bb1.4em\u00a0\u00bb text_orientation=\u00a0\u00bbcenter\u00a0\u00bb custom_margin=\u00a0\u00bb||0px||false|false\u00a0\u00bb header_4_font_size_tablet=\u00a0\u00bb16px\u00a0\u00bb header_4_font_size_phone=\u00a0\u00bb14px\u00a0\u00bb header_4_font_size_last_edited=\u00a0\u00bbon|tablet\u00a0\u00bb global_colors_info=\u00a0\u00bb{}\u00a0\u00bb]<\/p>\n<h3>Transport<\/h3>\n<p>[\/et_pb_text][et_pb_text _builder_version=\u00a0\u00bb4.18.0&Prime; _module_preset=\u00a0\u00bb4c43b4b6-66bf-432d-959a-705bda24a650&Prime; text_font=\u00a0\u00bbBenton Sans Regular||||||||\u00a0\u00bb text_text_color=\u00a0\u00bb#000000&Prime; text_font_size=\u00a0\u00bb16px\u00a0\u00bb custom_padding=\u00a0\u00bb0px||0px||true|false\u00a0\u00bb global_colors_info=\u00a0\u00bb{}\u00a0\u00bb]<span>Les lignes de bus <strong>gratuites<\/strong> 6, 7, 15, 30, 31 desservent l\u2019ensemble du quartier de Bonnevoie avec pr\u00e8s de 50 arr\u00eats d\u2019autobus ! Depuis septembre 2022, un des nouveaux arr\u00eats du tram est juste devant Brooklyn \u00ab\u00a0Leschte Steiwer\u00a0\u00bb. Une station v\u00e9lo est aussi \u00e0 disposition.<\/span>[\/et_pb_text][\/et_pb_column][et_pb_column type=\u00a0\u00bb1_3&Prime; _builder_version=\u00a0\u00bb4.17.6&Prime; _module_preset=\u00a0\u00bbdefault\u00a0\u00bb global_colors_info=\u00a0\u00bb{}\u00a0\u00bb][et_pb_image src=\u00a0\u00bbhttps:\/\/brooklyn.lu\/wp-content\/uploads\/2022\/08\/icon_sport.png\u00a0\u00bb title_text=\u00a0\u00bbicon_sport\u00a0\u00bb align=\u00a0\u00bbcenter\u00a0\u00bb _builder_version=\u00a0\u00bb4.18.0&Prime; _module_preset=\u00a0\u00bbdefault\u00a0\u00bb width=\u00a0\u00bb23%\u00a0\u00bb width_tablet=\u00a0\u00bb19%\u00a0\u00bb width_phone=\u00a0\u00bb35%\u00a0\u00bb width_last_edited=\u00a0\u00bbon|phone\u00a0\u00bb custom_margin=\u00a0\u00bb||10px||false|false\u00a0\u00bb global_colors_info=\u00a0\u00bb{}\u00a0\u00bb][\/et_pb_image][et_pb_text _builder_version=\u00a0\u00bb4.18.0&Prime; _module_preset=\u00a0\u00bb4827deed-2a92-4d97-a22f-f01067ae6873&Prime; header_font=\u00a0\u00bb||||||||\u00a0\u00bb header_3_font=\u00a0\u00bbBenton Sans Regular|500||on|||||\u00a0\u00bb header_3_text_color=\u00a0\u00bb#000000&Prime; header_4_font=\u00a0\u00bbBenton Sans Regular|700||on|||||\u00a0\u00bb header_4_text_color=\u00a0\u00bb#000000&Prime; header_4_font_size=\u00a0\u00bb19px\u00a0\u00bb header_4_line_height=\u00a0\u00bb1.4em\u00a0\u00bb text_orientation=\u00a0\u00bbcenter\u00a0\u00bb custom_margin=\u00a0\u00bb||0px||false|false\u00a0\u00bb header_4_font_size_tablet=\u00a0\u00bb16px\u00a0\u00bb header_4_font_size_phone=\u00a0\u00bb14px\u00a0\u00bb header_4_font_size_last_edited=\u00a0\u00bbon|tablet\u00a0\u00bb global_colors_info=\u00a0\u00bb{}\u00a0\u00bb]<\/p>\n<h3>activit\u00e9s sportives<\/h3>\n<p>[\/et_pb_text][et_pb_text _builder_version=\u00a0\u00bb4.18.0&Prime; _module_preset=\u00a0\u00bb4c43b4b6-66bf-432d-959a-705bda24a650&Prime; text_font=\u00a0\u00bbBenton Sans Regular||||||||\u00a0\u00bb text_text_color=\u00a0\u00bb#000000&Prime; text_font_size=\u00a0\u00bb16px\u00a0\u00bb custom_padding=\u00a0\u00bb0px||0px||true|false\u00a0\u00bb global_colors_info=\u00a0\u00bb{}\u00a0\u00bb]<span>Le quartier offre plusieurs infrastructures sportives \u00e0 ses habitants : club et terrain de foot, la piscine de Bonnevoie, un hall omnisport, un tennis club, ainsi qu\u2019un park Outdoor Fitness.<\/span>[\/et_pb_text][\/et_pb_column][\/et_pb_row][et_pb_row column_structure=\u00a0\u00bb2_5,3_5&Prime; custom_padding_last_edited=\u00a0\u00bbon|phone\u00a0\u00bb module_id=\u00a0\u00bbacc\u00e8s\u00a0\u00bb module_class=\u00a0\u00bbacc\u00e8s\u00a0\u00bb _builder_version=\u00a0\u00bb4.18.0&Prime; _module_preset=\u00a0\u00bbdefault\u00a0\u00bb width=\u00a0\u00bb98%\u00a0\u00bb width_tablet=\u00a0\u00bb98%\u00a0\u00bb width_phone=\u00a0\u00bb98%\u00a0\u00bb width_last_edited=\u00a0\u00bbon|desktop\u00a0\u00bb max_width=\u00a0\u00bb98%\u00a0\u00bb max_width_tablet=\u00a0\u00bb90%\u00a0\u00bb max_width_phone=\u00a0\u00bb90%\u00a0\u00bb max_width_last_edited=\u00a0\u00bbon|tablet\u00a0\u00bb custom_margin=\u00a0\u00bb0px||0px||true|false\u00a0\u00bb custom_padding=\u00a0\u00bb3%||3%||true|false\u00a0\u00bb custom_padding_tablet=\u00a0\u00bb3%||3%||true|false\u00a0\u00bb custom_padding_phone=\u00a0\u00bb||6%||false|false\u00a0\u00bb custom_css_main_element=\u00a0\u00bbalign-items:center;||display:flex;\u00a0\u00bb global_colors_info=\u00a0\u00bb{}\u00a0\u00bb custom_css_main_element_last_edited=\u00a0\u00bbon|phone\u00a0\u00bb custom_css_main_element_tablet=\u00a0\u00bb||\u00a0\u00bb custom_css_main_element_phone=\u00a0\u00bb||\u00a0\u00bb][et_pb_column type=\u00a0\u00bb2_5&Prime; _builder_version=\u00a0\u00bb4.17.6&Prime; _module_preset=\u00a0\u00bbdefault\u00a0\u00bb global_colors_info=\u00a0\u00bb{}\u00a0\u00bb][et_pb_text _builder_version=\u00a0\u00bb4.18.0&Prime; _module_preset=\u00a0\u00bbdefault\u00a0\u00bb header_2_font=\u00a0\u00bbParabole|||on|||||\u00a0\u00bb header_2_text_color=\u00a0\u00bb#16DFBB\u00a0\u00bb header_2_font_size=\u00a0\u00bb50px\u00a0\u00bb header_2_line_height=\u00a0\u00bb1.1em\u00a0\u00bb custom_margin_tablet=\u00a0\u00bb0px||||false|false\u00a0\u00bb custom_margin_phone=\u00a0\u00bb0px||||false|false\u00a0\u00bb custom_margin_last_edited=\u00a0\u00bbon|tablet\u00a0\u00bb header_2_font_size_tablet=\u00a0\u00bb48px\u00a0\u00bb header_2_font_size_phone=\u00a0\u00bb36px\u00a0\u00bb header_2_font_size_last_edited=\u00a0\u00bbon|phone\u00a0\u00bb border_width_bottom=\u00a0\u00bb5px\u00a0\u00bb border_color_bottom=\u00a0\u00bb#16DFBB\u00a0\u00bb global_colors_info=\u00a0\u00bb{}\u00a0\u00bb]<\/p>\n<h2>Le nouveau Bonnevoie, une localisation strat\u00e9gique et pratique<\/h2>\n<p>[\/et_pb_text][et_pb_text _builder_version=\u00a0\u00bb4.18.0&Prime; _module_preset=\u00a0\u00bbdefault\u00a0\u00bb text_font=\u00a0\u00bbBenton Sans Regular||||||||\u00a0\u00bb text_text_color=\u00a0\u00bb#000000&Prime; text_font_size=\u00a0\u00bb16px\u00a0\u00bb custom_padding=\u00a0\u00bb0px||0px||true|false\u00a0\u00bb global_colors_info=\u00a0\u00bb{}\u00a0\u00bb]<\/p>\n<div class=\"block-two-columns-content-text\">\n<p>La ligne de tram actuelle part du Kirchberg vers le Lyc\u00e9e de Bonnevoie, en passant par la gare centrale et en s\u2019arr\u00eatant juste devant Brooklyn : \u00abLeschte Steiwer\/Dernier Sol\u00bb.\u00a0Les travaux qui sont en cours de r\u00e9alisation vont bient\u00f4t la prolonger en direction de la <strong>Cloche D\u2019or<\/strong>. Ils seront achev\u00e9s en m\u00eame temps que Brooklyn et permettront, aux habitants de Brooklyn de se rendre <strong>gratuitement<\/strong> du Kirchberg \u00e0 la Cloche d\u2019Or !<\/p>\n<p>Un atout de taille qui valorise la localisation de Brooklyn, au centre de tous les axes les plus utilis\u00e9s, qu\u2019il s\u2019agisse de transports en commun, de train ou d\u2019axes routiers et autoroutiers.<\/p>\n<\/div>\n<div class=\"block-two-columns-content-button\"><\/div>\n<p>[\/et_pb_text][et_pb_text module_class=\u00a0\u00bbdl-text\u00a0\u00bb _builder_version=\u00a0\u00bb4.18.0&Prime; _module_preset=\u00a0\u00bbdefault\u00a0\u00bb text_font=\u00a0\u00bbBenton Sans Regular||||||||\u00a0\u00bb text_text_color=\u00a0\u00bb#000000&Prime; text_font_size=\u00a0\u00bb16px\u00a0\u00bb custom_margin=\u00a0\u00bb0px||3%||false|false\u00a0\u00bb custom_padding=\u00a0\u00bb0px||0px||true|false\u00a0\u00bb global_colors_info=\u00a0\u00bb{}\u00a0\u00bb]<\/p>\n<div class=\"block-two-columns-content-text\">\n<p><img loading=\"lazy\" decoding=\"async\" src=\"https:\/\/brooklyn.lu\/wp-content\/uploads\/2022\/08\/icon_highway-1.png\" width=\"50\" height=\"50\" alt=\"\" class=\"wp-image-857 alignnone size-full\" srcset=\"https:\/\/brooklyn.lu\/wp-content\/uploads\/2022\/08\/icon_highway-1.png 192w, https:\/\/brooklyn.lu\/wp-content\/uploads\/2022\/08\/icon_highway-1-150x150.png 150w\" sizes=\"(max-width: 50px) 100vw, 50px\" \/><\/p>\n<\/div>\n<div class=\"block-two-columns-content-text-only\">\n<div class=\"block-two-columns-content-text\">ACC\u00c8S AUTOROUTIERS<\/div>\n<div class=\"block-two-columns-content-text\">Quartier connect\u00e9 \u00e0 l\u2019ensemble des principaux axes routiers<\/div>\n<\/div>\n<p>[\/et_pb_text][et_pb_text module_class=\u00a0\u00bbdl-text\u00a0\u00bb _builder_version=\u00a0\u00bb4.18.0&Prime; _module_preset=\u00a0\u00bbdefault\u00a0\u00bb text_font=\u00a0\u00bbBenton Sans Regular||||||||\u00a0\u00bb text_text_color=\u00a0\u00bb#000000&Prime; text_font_size=\u00a0\u00bb16px\u00a0\u00bb custom_margin=\u00a0\u00bb0px||3%||false|false\u00a0\u00bb custom_padding=\u00a0\u00bb0px||0px||true|false\u00a0\u00bb global_colors_info=\u00a0\u00bb{}\u00a0\u00bb]<\/p>\n<div class=\"block-two-columns-content-text\">\n<p><img loading=\"lazy\" decoding=\"async\" src=\"https:\/\/brooklyn.lu\/wp-content\/uploads\/2022\/08\/icon_tram.png\" width=\"50\" height=\"50\" alt=\"\" class=\"wp-image-852 alignnone size-full\" srcset=\"https:\/\/brooklyn.lu\/wp-content\/uploads\/2022\/08\/icon_tram.png 192w, https:\/\/brooklyn.lu\/wp-content\/uploads\/2022\/08\/icon_tram-150x150.png 150w\" sizes=\"(max-width: 50px) 100vw, 50px\" \/><\/p>\n<\/div>\n<div class=\"block-two-columns-content-text-only\">\n<div class=\"block-two-columns-content-text\">TRAM<\/div>\n<div class=\"block-two-columns-content-text\">Deux nouveaux arr\u00eats mis en service en septembre 2022<\/div>\n<\/div>\n<p>[\/et_pb_text][et_pb_text module_class=\u00a0\u00bbdl-text\u00a0\u00bb _builder_version=\u00a0\u00bb4.18.0&Prime; _module_preset=\u00a0\u00bbdefault\u00a0\u00bb text_font=\u00a0\u00bbBenton Sans Regular||||||||\u00a0\u00bb text_text_color=\u00a0\u00bb#000000&Prime; text_font_size=\u00a0\u00bb16px\u00a0\u00bb custom_margin=\u00a0\u00bb0px||3%||false|false\u00a0\u00bb custom_padding=\u00a0\u00bb0px||0px||true|false\u00a0\u00bb global_colors_info=\u00a0\u00bb{}\u00a0\u00bb]<\/p>\n<div class=\"block-two-columns-content-text\">\n<p><img loading=\"lazy\" decoding=\"async\" src=\"https:\/\/brooklyn.lu\/wp-content\/uploads\/2022\/08\/icon_airport.png\" width=\"50\" height=\"50\" alt=\"\" class=\"wp-image-854 alignnone size-full\" srcset=\"https:\/\/brooklyn.lu\/wp-content\/uploads\/2022\/08\/icon_airport.png 192w, https:\/\/brooklyn.lu\/wp-content\/uploads\/2022\/08\/icon_airport-150x150.png 150w\" sizes=\"(max-width: 50px) 100vw, 50px\" \/><\/p>\n<\/div>\n<div class=\"block-two-columns-content-text-only\">\n<div class=\"block-two-columns-content-text\">A\u00c9ROPORT DU LUXEMBOURG<\/div>\n<div class=\"block-two-columns-content-text\">10 minutes gr\u00e2ce aux acc\u00e8s autoroutiers adjacents<\/div>\n<\/div>\n<p>[\/et_pb_text][\/et_pb_column][et_pb_column type=\u00a0\u00bb3_5&Prime; _builder_version=\u00a0\u00bb4.17.6&Prime; _module_preset=\u00a0\u00bbdefault\u00a0\u00bb global_colors_info=\u00a0\u00bb{}\u00a0\u00bb][et_pb_image src=\u00a0\u00bbhttps:\/\/brooklyn.lu\/wp-content\/uploads\/2022\/11\/unnamed.jpg\u00a0\u00bb alt=\u00a0\u00bbGare du Luxembourg\u00a0\u00bb title_text=\u00a0\u00bbMAP diff\u00e9rents acc\u00e8s\u00a0\u00bb align=\u00a0\u00bbcenter\u00a0\u00bb align_tablet=\u00a0\u00bb\u00a0\u00bb align_phone=\u00a0\u00bb\u00a0\u00bb align_last_edited=\u00a0\u00bbon|desktop\u00a0\u00bb _builder_version=\u00a0\u00bb4.19.0&Prime; _module_preset=\u00a0\u00bbdefault\u00a0\u00bb width=\u00a0\u00bb80%\u00a0\u00bb width_tablet=\u00a0\u00bb80%\u00a0\u00bb width_phone=\u00a0\u00bb100%\u00a0\u00bb width_last_edited=\u00a0\u00bbon|tablet\u00a0\u00bb max_width_tablet=\u00a0\u00bb100%\u00a0\u00bb max_width_phone=\u00a0\u00bb100%\u00a0\u00bb max_width_last_edited=\u00a0\u00bbon|phone\u00a0\u00bb custom_margin=\u00a0\u00bb0px||0px||true|false\u00a0\u00bb custom_padding=\u00a0\u00bb0px||0px||true|false\u00a0\u00bb border_radii=\u00a0\u00bboff||42px||\u00a0\u00bb global_colors_info=\u00a0\u00bb{}\u00a0\u00bb][\/et_pb_image][\/et_pb_column][\/et_pb_row][\/et_pb_section][et_pb_section fb_built=\u00a0\u00bb1&Prime; _builder_version=\u00a0\u00bb4.18.0&Prime; _module_preset=\u00a0\u00bbdefault\u00a0\u00bb custom_padding=\u00a0\u00bb3%||3%||true|false\u00a0\u00bb global_colors_info=\u00a0\u00bb{}\u00a0\u00bb][et_pb_row column_structure=\u00a0\u00bb2_5,3_5&Prime; _builder_version=\u00a0\u00bb4.18.0&Prime; _module_preset=\u00a0\u00bbdefault\u00a0\u00bb width=\u00a0\u00bb98%\u00a0\u00bb max_width=\u00a0\u00bb98%\u00a0\u00bb max_width_tablet=\u00a0\u00bb90%\u00a0\u00bb max_width_phone=\u00a0\u00bb90%\u00a0\u00bb max_width_last_edited=\u00a0\u00bbon|tablet\u00a0\u00bb custom_margin=\u00a0\u00bb0px||0px||true|false\u00a0\u00bb custom_padding=\u00a0\u00bb3%||3%||true|false\u00a0\u00bb custom_css_main_element=\u00a0\u00bbdisplay:flex; ||align-items:center;||\u00a0\u00bb global_colors_info=\u00a0\u00bb{}\u00a0\u00bb custom_css_main_element_last_edited=\u00a0\u00bbon|tablet\u00a0\u00bb custom_css_main_element_tablet=\u00a0\u00bb||\u00a0\u00bb custom_css_main_element_phone=\u00a0\u00bb||\u00a0\u00bb][et_pb_column type=\u00a0\u00bb2_5&Prime; _builder_version=\u00a0\u00bb4.17.6&Prime; _module_preset=\u00a0\u00bbdefault\u00a0\u00bb global_colors_info=\u00a0\u00bb{}\u00a0\u00bb][et_pb_text _builder_version=\u00a0\u00bb4.18.0&Prime; _module_preset=\u00a0\u00bbdefault\u00a0\u00bb header_2_font=\u00a0\u00bbParabole|||on|||||\u00a0\u00bb header_2_text_color=\u00a0\u00bb#16DFBB\u00a0\u00bb header_2_font_size=\u00a0\u00bb50px\u00a0\u00bb header_2_line_height=\u00a0\u00bb1.1em\u00a0\u00bb custom_margin_tablet=\u00a0\u00bb0px||||false|false\u00a0\u00bb custom_margin_phone=\u00a0\u00bb0px||||false|false\u00a0\u00bb custom_margin_last_edited=\u00a0\u00bbon|tablet\u00a0\u00bb header_2_font_size_tablet=\u00a0\u00bb48px\u00a0\u00bb header_2_font_size_phone=\u00a0\u00bb36px\u00a0\u00bb header_2_font_size_last_edited=\u00a0\u00bbon|phone\u00a0\u00bb border_width_bottom=\u00a0\u00bb5px\u00a0\u00bb border_color_bottom=\u00a0\u00bb#16DFBB\u00a0\u00bb global_colors_info=\u00a0\u00bb{}\u00a0\u00bb]<\/p>\n<h2>Un quartier au Luxembourg id\u00e9alement situ\u00e9<\/h2>\n<p>[\/et_pb_text][et_pb_text _builder_version=\u00a0\u00bb4.18.0&Prime; _module_preset=\u00a0\u00bbdefault\u00a0\u00bb text_font=\u00a0\u00bbBenton Sans Regular||||||||\u00a0\u00bb text_text_color=\u00a0\u00bb#000000&Prime; text_font_size=\u00a0\u00bb16px\u00a0\u00bb custom_padding=\u00a0\u00bb0px||0px||true|false\u00a0\u00bb global_colors_info=\u00a0\u00bb{}\u00a0\u00bb]<\/p>\n<div class=\"block-two-columns-content-text\">\n<p>Bonnevoie \u00e9tant de plus en plus recherch\u00e9 pour <strong>sa tranquillit\u00e9<\/strong> et <strong>sa qualit\u00e9 de vie<\/strong>, le plus grand de ses atouts est sans doute sa position, au c\u0153ur de la Ville du Luxembourg et en constante \u00e9volution.<\/p>\n<p>Dans cette \u00e9volution, il va sans dire que tout est pens\u00e9 et organis\u00e9 pour apporter une connexion directe entre tous les quartiers, dont Bonnevoie et les quartiers importants du Luxembourg tels que <strong>Luxembourg-ville, Howald, Kirchberg, Cloche d\u2019Or<\/strong> et d\u2019autres nouveaux espaces urbains en plein d\u00e9veloppement.<\/p>\n<\/div>\n<p>[\/et_pb_text][\/et_pb_column][et_pb_column type=\u00a0\u00bb3_5&Prime; _builder_version=\u00a0\u00bb4.17.6&Prime; _module_preset=\u00a0\u00bbdefault\u00a0\u00bb global_colors_info=\u00a0\u00bb{}\u00a0\u00bb][et_pb_image src=\u00a0\u00bbhttps:\/\/brooklyn.lu\/wp-content\/uploads\/2022\/08\/21134B_220328_1320_NW_0020-min-scaled-1.jpg\u00a0\u00bb alt=\u00a0\u00bbVue a\u00e9rienne quartier Bonnevoie\u00a0\u00bb title_text=\u00a0\u00bbA\u00e9rienne Brooklyn\u00a0\u00bb align_tablet=\u00a0\u00bb\u00a0\u00bb align_phone=\u00a0\u00bb\u00a0\u00bb align_last_edited=\u00a0\u00bbon|desktop\u00a0\u00bb _builder_version=\u00a0\u00bb4.18.0&Prime; _module_preset=\u00a0\u00bbdefault\u00a0\u00bb custom_margin=\u00a0\u00bb0px||0px||true|false\u00a0\u00bb custom_padding=\u00a0\u00bb0px||0px||true|false\u00a0\u00bb border_radii=\u00a0\u00bboff|42px|||\u00a0\u00bb global_colors_info=\u00a0\u00bb{}\u00a0\u00bb][\/et_pb_image][\/et_pb_column][\/et_pb_row][\/et_pb_section]<\/p>\n","protected":false},"excerpt":{"rendered":"<p>Choosing the new BonnevoieA new neighborhood that's all about proximity If you're familiar with the city of Luxembourg, you're bound to know Bonnevoie, a lively, cosmopolitan and historic residential district located behind the main railway station. Its immediate proximity to the center of Luxembourg, the train station and all road links make Bonnevoie a strategic, practical and above all pleasant location. Brooklyn is the first milestone in the \"New Bonnevoie\", a highly promising neighborhood of residences, offices, shops and business premises that will create a harmonious whole. EVERYTHING THAT MATTERS LESS THAN FIFTEEN MINUTES Brooklyn implements Carlos Moreno's concept of the \"quarter-hour city\", so that every resident can find everything he or she needs to thrive within fifteen minutes of home: work, play, shop, go to school, do family activities, go to the doctor, play sports, go for a walk in the park, and so on. Whether you're a single person, a couple or a family, and whatever your age, the new Bonnevoie is ready to welcome you. Just follow the guide! <div class=\"et_pb_module dsm_image_carousel dsm_image_carousel_0 dsm_image_carousel_arrow_outside dsm_image_carousel_arrow_mobile_inside\">\n\t\t\t\t\n\t\t\t\t\n\t\t\t\t\n\t\t\t\t\n\t\t\t\t\n\t\t\t\t\n\t\t\t\t<div class=\"et_pb_module_inner\">\n\t\t\t\t\t<div class=\"swiper-container dsm_image_carousel_container  dsm_image_carousel_carousel\" dir=\"ltr\"data-effect=\"default\"\n\t\t\tdata-slider-effect-shadows=\"false\"\n\t\t\tdata-slider-effect-coverflow-rotate=\"30\"\n\t\t\tdata-slider-effect-coverflow-depth=\"0\"\n\t\t\tdata-loop=\"true\"\n\t\t\tdata-slide-to-show=\"\u00bb1&Prime;\"\n\t\t\tdata-slide-to-show-tablet=\"1\"\n\t\t\tdata-slide-to-show-phone=\"1\"\n\t\t\tdata-slide-to-scroll=\"1\"\n\t\t\tdata-slide-to-scroll-tablet=\"1\"\n\t\t\tdata-slide-to-scroll-phone=\"1\"\n\t\t\tdata-space-between=\"15\"\n\t\t\tdata-space-between-tablet=\"15\"\n\t\t\tdata-space-between-phone=\"15\"\n\t\t\tdata-slide-row=\"1\"\n\t\t\tdata-centered-slides=\"false\"\n\t\t\tdata-speed=\"300\"\n\t\t\tdata-autoplay=\"true\"\n\t\t\tdata-autoplay-speed=\"3000\"\n\t\t\tdata-touch-move=\"true\"\n\t\t\tdata-grab=\"true\"\n\t\t\tdata-pause-on-hover=\"true\"\n\t\t\tdata-show-lightbox=\"false\"\n\t\t\tdata-lightbox-gallery=\"false\"\n\t\t\tdata-lightbox-caption=\"false\"\n\t\t\tdata-infinite-scrolling=\"false\"\n\t\t\tdata-slide-row-tablet=\"1\"\n\t\t\tdata-slide-row-phone=\"1\"\n\t\t\tdata-autoplay-viewport=\"80%\t\t\tdata-mousewheel=\"false\"\t\t\tdata-lazyload=\"false\"\t\t\tdata-type=\"carousel\"\t\t\tdata-slideshow-effect=\"default\"\t\t\tdata-slideshow-to-show=\"4\"\t\t\tdata-slideshow-to-show-tablet=\"4\"\t\t\tdata-slideshow-to-show-phone=\"\"\t\t\tdata-slider-orientation=\"horizontal\"\t\t\t\t\t\tdata-lightbox-title=\"false\"\t\t\t\"><div class=\"swiper-wrapper\"><div class=\"swiper-slide dsm_image_carousel_item\"><img loading=\"lazy\" decoding=\"async\" src=\"https:\/\/brooklyn.lu\/wp-content\/uploads\/2022\/11\/Plan-de-travail-1.jpg\" alt=\"Aerial view of the Real Estate Project\" title=\"A\u00e9rial Brooklyn\" width=\"1792\" height=\"1267\" data-dsm-image-description=\"\" srcset=\"https:\/\/brooklyn.lu\/wp-content\/uploads\/2022\/11\/Plan-de-travail-1.jpg 1792w, https:\/\/brooklyn.lu\/wp-content\/uploads\/2022\/11\/Plan-de-travail-1-1280x905.jpg 1280w, https:\/\/brooklyn.lu\/wp-content\/uploads\/2022\/11\/Plan-de-travail-1-980x693.jpg 980w, https:\/\/brooklyn.lu\/wp-content\/uploads\/2022\/11\/Plan-de-travail-1-480x339.jpg 480w\" sizes=\"(min-width: 0px) and (max-width: 480px) 480px, (min-width: 481px) and (max-width: 980px) 980px, (min-width: 981px) and (max-width: 1280px) 1280px, (min-width: 1281px) 1792px, 100vw\" class=\"skip-lazy\" \/><\/div><div class=\"swiper-slide dsm_image_carousel_item\"><img loading=\"lazy\" decoding=\"async\" src=\"https:\/\/brooklyn.lu\/wp-content\/uploads\/2022\/11\/Plan-de-travail-1-copie.jpg\" alt=\"Aerial view of the Luxembourg apartments\" title=\"Brooklyn Aerial 2\" width=\"2022\" height=\"1430\" data-dsm-image-description=\"\" srcset=\"https:\/\/brooklyn.lu\/wp-content\/uploads\/2022\/11\/Plan-de-travail-1-copie.jpg 2022w, https:\/\/brooklyn.lu\/wp-content\/uploads\/2022\/11\/Plan-de-travail-1-copie-1280x905.jpg 1280w, https:\/\/brooklyn.lu\/wp-content\/uploads\/2022\/11\/Plan-de-travail-1-copie-980x693.jpg 980w, https:\/\/brooklyn.lu\/wp-content\/uploads\/2022\/11\/Plan-de-travail-1-copie-480x339.jpg 480w\" sizes=\"(min-width: 0px) and (max-width: 480px) 480px, (min-width: 481px) and (max-width: 980px) 980px, (min-width: 981px) and (max-width: 1280px) 1280px, (min-width: 1281px) 2022px, 100vw\" class=\"skip-lazy\" \/><\/div><\/div><\/div><div class=\"swiper-button-prev swiper-arrow-button\" data-icon=\"4\"><\/div><div class=\"swiper-button-next swiper-arrow-button\" data-icon=\"5\"><\/div><div class=\"swiper-pagination\"><\/div>\n\t\t\t\t<\/div>\n\t\t\t<\/div><\/p>","protected":false},"author":1,"featured_media":0,"parent":0,"menu_order":0,"comment_status":"closed","ping_status":"closed","template":"","meta":{"_acf_changed":false,"_et_pb_use_builder":"on","_et_pb_old_content":"<!-- wp:divi\/placeholder \/-->","_et_gb_content_width":"","footnotes":""},"difl_page_category":[],"class_list":["post-15","page","type-page","status-publish","hentry"],"acf":[],"yoast_head":"<!-- This site is optimized with the Yoast SEO plugin v27.5 - https:\/\/yoast.com\/product\/yoast-seo-wordpress\/ -->\n<title>Le Nouveau Bonnevoie, Projet Immobilier Brooklyn pour solos et couples<\/title>\n<meta name=\"description\" content=\"Projet Brooklyn, un quartier proche de la gare, \u00e0 deux pas du centre-ville du Luxembourg. Ce nouveau quartier dispose \u00e9galement de tout le n\u00e9cessaire \u00e0 moins de 15 minutes.\" \/>\n<meta name=\"robots\" content=\"index, follow, max-snippet:-1, max-image-preview:large, max-video-preview:-1\" \/>\n<link rel=\"canonical\" href=\"https:\/\/brooklyn.lu\/en\/location-bonnevoie\/\" \/>\n<meta property=\"og:locale\" content=\"en_US\" \/>\n<meta property=\"og:type\" content=\"article\" \/>\n<meta property=\"og:title\" content=\"Le Nouveau Bonnevoie, Projet Immobilier Brooklyn pour solos et couples\" \/>\n<meta property=\"og:description\" content=\"Projet Brooklyn, un quartier proche de la gare, \u00e0 deux pas du centre-ville du Luxembourg. Ce nouveau quartier dispose \u00e9galement de tout le n\u00e9cessaire \u00e0 moins de 15 minutes.\" \/>\n<meta property=\"og:url\" content=\"https:\/\/brooklyn.lu\/en\/location-bonnevoie\/\" \/>\n<meta property=\"og:site_name\" content=\"Projet Brooklyn\" \/>\n<meta property=\"article:modified_time\" content=\"2026-02-20T15:54:29+00:00\" \/>\n<meta property=\"og:image\" content=\"https:\/\/brooklyn.lu\/wp-content\/uploads\/2022\/10\/Image1-300x208.png\" \/>\n<meta name=\"twitter:card\" content=\"summary_large_image\" \/>\n<script type=\"application\/ld+json\" class=\"yoast-schema-graph\">{\"@context\":\"https:\\\/\\\/schema.org\",\"@graph\":[{\"@type\":\"WebPage\",\"@id\":\"https:\\\/\\\/brooklyn.lu\\\/localisation-bonnevoie\\\/\",\"url\":\"https:\\\/\\\/brooklyn.lu\\\/localisation-bonnevoie\\\/\",\"name\":\"Le Nouveau Bonnevoie, Projet Immobilier Brooklyn pour solos et couples\",\"isPartOf\":{\"@id\":\"https:\\\/\\\/brooklyn.lu\\\/#website\"},\"primaryImageOfPage\":{\"@id\":\"https:\\\/\\\/brooklyn.lu\\\/localisation-bonnevoie\\\/#primaryimage\"},\"image\":{\"@id\":\"https:\\\/\\\/brooklyn.lu\\\/localisation-bonnevoie\\\/#primaryimage\"},\"thumbnailUrl\":\"https:\\\/\\\/brooklyn.lu\\\/wp-content\\\/uploads\\\/2022\\\/10\\\/Image1-300x208.png\",\"datePublished\":\"2022-08-04T13:28:21+00:00\",\"dateModified\":\"2026-02-20T15:54:29+00:00\",\"description\":\"Projet Brooklyn, un quartier proche de la gare, \u00e0 deux pas du centre-ville du Luxembourg. Ce nouveau quartier dispose \u00e9galement de tout le n\u00e9cessaire \u00e0 moins de 15 minutes.\",\"breadcrumb\":{\"@id\":\"https:\\\/\\\/brooklyn.lu\\\/localisation-bonnevoie\\\/#breadcrumb\"},\"inLanguage\":\"en-US\",\"potentialAction\":[{\"@type\":\"ReadAction\",\"target\":[\"https:\\\/\\\/brooklyn.lu\\\/localisation-bonnevoie\\\/\"]}]},{\"@type\":\"ImageObject\",\"inLanguage\":\"en-US\",\"@id\":\"https:\\\/\\\/brooklyn.lu\\\/localisation-bonnevoie\\\/#primaryimage\",\"url\":\"https:\\\/\\\/brooklyn.lu\\\/wp-content\\\/uploads\\\/2022\\\/10\\\/Image1-300x208.png\",\"contentUrl\":\"https:\\\/\\\/brooklyn.lu\\\/wp-content\\\/uploads\\\/2022\\\/10\\\/Image1-300x208.png\"},{\"@type\":\"BreadcrumbList\",\"@id\":\"https:\\\/\\\/brooklyn.lu\\\/localisation-bonnevoie\\\/#breadcrumb\",\"itemListElement\":[{\"@type\":\"ListItem\",\"position\":1,\"name\":\"Accueil\",\"item\":\"https:\\\/\\\/brooklyn.lu\\\/\"},{\"@type\":\"ListItem\",\"position\":2,\"name\":\"Le Nouveau Bonnevoie\"}]},{\"@type\":\"WebSite\",\"@id\":\"https:\\\/\\\/brooklyn.lu\\\/#website\",\"url\":\"https:\\\/\\\/brooklyn.lu\\\/\",\"name\":\"Projet Brooklyn\",\"description\":\"\",\"publisher\":{\"@id\":\"https:\\\/\\\/brooklyn.lu\\\/#organization\"},\"potentialAction\":[{\"@type\":\"SearchAction\",\"target\":{\"@type\":\"EntryPoint\",\"urlTemplate\":\"https:\\\/\\\/brooklyn.lu\\\/?s={search_term_string}\"},\"query-input\":{\"@type\":\"PropertyValueSpecification\",\"valueRequired\":true,\"valueName\":\"search_term_string\"}}],\"inLanguage\":\"en-US\"},{\"@type\":\"Organization\",\"@id\":\"https:\\\/\\\/brooklyn.lu\\\/#organization\",\"name\":\"Brooklyn\",\"url\":\"https:\\\/\\\/brooklyn.lu\\\/\",\"logo\":{\"@type\":\"ImageObject\",\"inLanguage\":\"en-US\",\"@id\":\"https:\\\/\\\/brooklyn.lu\\\/#\\\/schema\\\/logo\\\/image\\\/\",\"url\":\"https:\\\/\\\/brooklyn.lu\\\/wp-content\\\/uploads\\\/2022\\\/10\\\/Plan-de-travail-1-copie-2.png\",\"contentUrl\":\"https:\\\/\\\/brooklyn.lu\\\/wp-content\\\/uploads\\\/2022\\\/10\\\/Plan-de-travail-1-copie-2.png\",\"width\":1663,\"height\":285,\"caption\":\"Brooklyn\"},\"image\":{\"@id\":\"https:\\\/\\\/brooklyn.lu\\\/#\\\/schema\\\/logo\\\/image\\\/\"}}]}<\/script>\n<!-- \/ Yoast SEO plugin. -->","yoast_head_json":{"title":"The New Bonnevoie, Brooklyn Real Estate Project for solos and couples","description":"Project Brooklyn, a neighborhood close to the train station, a stone's throw from downtown Luxembourg. This new neighborhood also has everything you need within 15 minutes.","robots":{"index":"index","follow":"follow","max-snippet":"max-snippet:-1","max-image-preview":"max-image-preview:large","max-video-preview":"max-video-preview:-1"},"canonical":"https:\/\/brooklyn.lu\/en\/location-bonnevoie\/","og_locale":"en_US","og_type":"article","og_title":"Le Nouveau Bonnevoie, Projet Immobilier Brooklyn pour solos et couples","og_description":"Projet Brooklyn, un quartier proche de la gare, \u00e0 deux pas du centre-ville du Luxembourg. Ce nouveau quartier dispose \u00e9galement de tout le n\u00e9cessaire \u00e0 moins de 15 minutes.","og_url":"https:\/\/brooklyn.lu\/en\/location-bonnevoie\/","og_site_name":"Projet Brooklyn","article_modified_time":"2026-02-20T15:54:29+00:00","og_image":[{"url":"https:\/\/brooklyn.lu\/wp-content\/uploads\/2022\/10\/Image1-300x208.png","type":"","width":"","height":""}],"twitter_card":"summary_large_image","schema":{"@context":"https:\/\/schema.org","@graph":[{"@type":"WebPage","@id":"https:\/\/brooklyn.lu\/localisation-bonnevoie\/","url":"https:\/\/brooklyn.lu\/localisation-bonnevoie\/","name":"The New Bonnevoie, Brooklyn Real Estate Project for solos and couples","isPartOf":{"@id":"https:\/\/brooklyn.lu\/#website"},"primaryImageOfPage":{"@id":"https:\/\/brooklyn.lu\/localisation-bonnevoie\/#primaryimage"},"image":{"@id":"https:\/\/brooklyn.lu\/localisation-bonnevoie\/#primaryimage"},"thumbnailUrl":"https:\/\/brooklyn.lu\/wp-content\/uploads\/2022\/10\/Image1-300x208.png","datePublished":"2022-08-04T13:28:21+00:00","dateModified":"2026-02-20T15:54:29+00:00","description":"Project Brooklyn, a neighborhood close to the train station, a stone's throw from downtown Luxembourg. This new neighborhood also has everything you need within 15 minutes.","breadcrumb":{"@id":"https:\/\/brooklyn.lu\/localisation-bonnevoie\/#breadcrumb"},"inLanguage":"en-US","potentialAction":[{"@type":"ReadAction","target":["https:\/\/brooklyn.lu\/localisation-bonnevoie\/"]}]},{"@type":"ImageObject","inLanguage":"en-US","@id":"https:\/\/brooklyn.lu\/localisation-bonnevoie\/#primaryimage","url":"https:\/\/brooklyn.lu\/wp-content\/uploads\/2022\/10\/Image1-300x208.png","contentUrl":"https:\/\/brooklyn.lu\/wp-content\/uploads\/2022\/10\/Image1-300x208.png"},{"@type":"BreadcrumbList","@id":"https:\/\/brooklyn.lu\/localisation-bonnevoie\/#breadcrumb","itemListElement":[{"@type":"ListItem","position":1,"name":"Accueil","item":"https:\/\/brooklyn.lu\/"},{"@type":"ListItem","position":2,"name":"Le Nouveau Bonnevoie"}]},{"@type":"WebSite","@id":"https:\/\/brooklyn.lu\/#website","url":"https:\/\/brooklyn.lu\/","name":"Brooklyn Project","description":"","publisher":{"@id":"https:\/\/brooklyn.lu\/#organization"},"potentialAction":[{"@type":"SearchAction","target":{"@type":"EntryPoint","urlTemplate":"https:\/\/brooklyn.lu\/?s={search_term_string}"},"query-input":{"@type":"PropertyValueSpecification","valueRequired":true,"valueName":"search_term_string"}}],"inLanguage":"en-US"},{"@type":"Organization","@id":"https:\/\/brooklyn.lu\/#organization","name":"Brooklyn","url":"https:\/\/brooklyn.lu\/","logo":{"@type":"ImageObject","inLanguage":"en-US","@id":"https:\/\/brooklyn.lu\/#\/schema\/logo\/image\/","url":"https:\/\/brooklyn.lu\/wp-content\/uploads\/2022\/10\/Plan-de-travail-1-copie-2.png","contentUrl":"https:\/\/brooklyn.lu\/wp-content\/uploads\/2022\/10\/Plan-de-travail-1-copie-2.png","width":1663,"height":285,"caption":"Brooklyn"},"image":{"@id":"https:\/\/brooklyn.lu\/#\/schema\/logo\/image\/"}}]}},"_links":{"self":[{"href":"https:\/\/brooklyn.lu\/en\/wp-json\/wp\/v2\/pages\/15","targetHints":{"allow":["GET"]}}],"collection":[{"href":"https:\/\/brooklyn.lu\/en\/wp-json\/wp\/v2\/pages"}],"about":[{"href":"https:\/\/brooklyn.lu\/en\/wp-json\/wp\/v2\/types\/page"}],"author":[{"embeddable":true,"href":"https:\/\/brooklyn.lu\/en\/wp-json\/wp\/v2\/users\/1"}],"replies":[{"embeddable":true,"href":"https:\/\/brooklyn.lu\/en\/wp-json\/wp\/v2\/comments?post=15"}],"version-history":[{"count":104,"href":"https:\/\/brooklyn.lu\/en\/wp-json\/wp\/v2\/pages\/15\/revisions"}],"predecessor-version":[{"id":8731,"href":"https:\/\/brooklyn.lu\/en\/wp-json\/wp\/v2\/pages\/15\/revisions\/8731"}],"wp:attachment":[{"href":"https:\/\/brooklyn.lu\/en\/wp-json\/wp\/v2\/media?parent=15"}],"wp:term":[{"taxonomy":"difl_page_category","embeddable":true,"href":"https:\/\/brooklyn.lu\/en\/wp-json\/wp\/v2\/difl_page_category?post=15"}],"curies":[{"name":"wp","href":"https:\/\/api.w.org\/{rel}","templated":true}]}}